{"id":1167,"date":"2019-12-09T16:18:46","date_gmt":"2019-12-09T18:18:46","guid":{"rendered":"https:\/\/www.ippasso.com.br\/site\/?page_id=1167"},"modified":"2025-05-23T13:21:09","modified_gmt":"2025-05-23T16:21:09","slug":"segurados","status":"publish","type":"page","link":"https:\/\/www.ippasso.com.br\/site\/segurados\/","title":{"rendered":"Segurados"},"content":{"rendered":"<p><span style=\"color: #0000ff;\"><strong><u>EDUCA\u00c7\u00c3O PREVIDENCI\u00c1RIA &#8211; SEGURADOS<\/u><\/strong><\/span><\/p>\n<p>&nbsp;<\/p>\n<p><strong>Para os servidores p\u00fablicos da Prefeitura Municipal que desejam se aperfei\u00e7oar em gest\u00e3o p\u00fablica e tamb\u00e9m em previd\u00eancia social RPPS, sugerimos o seguinte calend\u00e1rio de cursos on-line!<\/strong><\/p>\n<p>&nbsp;<\/p>\n<p><span style=\"color: #0000ff;\"><strong>PRIMEIRO BIMESTRE\u00a0<\/strong><\/span><\/p>\n<p><strong>&#8211; Avalia\u00e7\u00e3o da qualidade de servi\u00e7os como base para gest\u00e3o e melhoria de servi\u00e7os p\u00fablicos<\/strong><br \/>\nEste curso apresenta a contextualiza\u00e7\u00e3o e os principais modelos da avalia\u00e7\u00e3o de qualidade de servi\u00e7os que podem contribuir para a melhoria da gest\u00e3o dos servi\u00e7os p\u00fablicos, sejam eles presenciais ou digitais. O conte\u00fado ainda aborda alguns dos instrumentos brasileiros de avalia\u00e7\u00e3o aplicados aos servi\u00e7os p\u00fablicos. Que saber mais? Fa\u00e7a sua inscri\u00e7\u00e3o.<\/p>\n<p><a href=\"https:\/\/www.escolavirtual.gov.br\/curso\/368\">https:\/\/www.escolavirtual.gov.br\/curso\/368<\/a><\/p>\n<p>&nbsp;<\/p>\n<p><span style=\"color: #0000ff;\"><strong>SEGUNDO BIMESTRE\u00a0<\/strong><\/span><\/p>\n<p><strong>&#8211; Prote\u00e7\u00e3o de Dados Pessoais no Setor P\u00fablico<\/strong><br \/>\nQue tal saber mais sobre a Lei Geral de Prote\u00e7\u00e3o de Dados (LGDP) e sua aplicabilidade? Voc\u00ea aprender\u00e1 conhecimentos importantes sobre os processos e as medidas de seguran\u00e7a para tratar e proteger dados pessoais no setor p\u00fablico. O curso prop\u00f5e esclarecer aos participantes os diversos pontos apresentados na lei. Fique por dentro desse assunto!<\/p>\n<p><a href=\"https:\/\/www.escolavirtual.gov.br\/curso\/290\">https:\/\/www.escolavirtual.gov.br\/curso\/290<\/a><\/p>\n<p>&nbsp;<\/p>\n<p><span style=\"color: #0000ff;\"><strong>TERCEIRO BIMESTRE\u00a0<\/strong><\/span><\/p>\n<p><strong>&#8211; Prepara\u00e7\u00e3o de Gestores P\u00fablicos<\/strong><br \/>\nEsta Certifica\u00e7\u00e3o Avan\u00e7ada \u00e9 uma iniciativa da Enap e visa apoiar a capacita\u00e7\u00e3o gerencial do servidor e sua qualifica\u00e7\u00e3o para o exerc\u00edcio de atividades de dire\u00e7\u00e3o e assessoramento. O programa considera a relev\u00e2ncia do desenvolvimento de compet\u00eancias gerenciais com base nos princ\u00edpios da moderna administra\u00e7\u00e3o p\u00fablica. Tamb\u00e9m oferece cursos em tem\u00e1ticas variadas ligadas \u00e0 gest\u00e3o, transpar\u00eancia e inova\u00e7\u00e3o.<\/p>\n<p>https:\/\/www.primecursos.com.br\/nocoes-de-gestao-publica\/?utm_source=google&#038;utm_medium=cpc&#038;utm_campaign=%5BMAC4%5D+%5BSearch%5D+DSA+%7C+ROAS+10&#038;utm_content=493357454115&#038;utm_term=&#038;gad_source=1&#038;gad_campaignid=12134732532&#038;gbraid=0AAAAAD0eHqzveXnopMpPjtHghpk54_045&#038;gclid=Cj0KCQjwucDBBhDxARIsANqFdr3fbqmim4sBu_zgZMAk77NvaNUtd5xEPDSNLyc5EOMwNHSzXJIIDwYaAoGPEALw_wcB<\/p>\n<p>&nbsp;<\/p>\n<p>&nbsp;<\/p>\n<p><span style=\"color: #0000ff;\"><strong>QUARTO BIMESTRE\u00a0<\/strong><\/span><\/p>\n<p><strong>&#8211; A Previd\u00eancia Social dos Servidores P\u00fablicos: Regime Pr\u00f3prio e Regime de Previd\u00eancia<\/strong><\/p>\n<p>J\u00e1 parou para pensar em quanto tempo falta para voc\u00ea se aposentar? Conhece as regras de aposentadoria do servi\u00e7o p\u00fablico federal? Se voc\u00ea nunca pensou sobre esses assuntos, essa \u00e9 uma \u00f3tima oportunidade para se capacitar e entender na pr\u00e1tica como funcionam os crit\u00e9rios de acesso e de concess\u00e3o.<\/p>\n<p><a href=\"https:\/\/www.escolavirtual.gov.br\/curso\/681\">https:\/\/www.escolavirtual.gov.br\/curso\/681<\/a><\/p>\n<p>&nbsp;<\/p>\n<p><span style=\"color: #0000ff;\"><strong>QUINTO BIMESTRE\u00a0<\/strong><\/span><\/p>\n<p><strong>&#8211; No\u00e7\u00f5es B\u00e1sicas em Previd\u00eancia Complementar<\/strong><br \/>\nA Subsecretaria do Regime de Previd\u00eancia Complementar \u2013 SURPC, \u00f3rg\u00e3o do Minist\u00e9rio da Fazenda \u2013 MF, \u00e9 a respons\u00e1vel por promover pol\u00edticas p\u00fablicas com vistas ao desenvolvimento, ao fomento e a evolu\u00e7\u00e3o t\u00e9cnica do Regime de Previd\u00eancia Complementar \u2013 RPC, no \u00e2mbito das Entidades Fechadas de Previd\u00eancia Complementar \u2013 EFPC. Como uma das formas de divulgar, informar, orientar e esclarecer o p\u00fablico em geral sobre o Regime, foi elaborado Curso de No\u00e7\u00f5es B\u00e1sicas em Previd\u00eancia Complementar, com o intuito de prestar informa\u00e7\u00f5es, instru\u00e7\u00f5es e orienta\u00e7\u00f5es acerca da Previd\u00eancia Complementar.<\/p>\n<p><a href=\"https:\/\/www.escolavirtual.gov.br\/curso\/183\">https:\/\/www.escolavirtual.gov.br\/curso\/183<\/a><\/p>\n<p>&nbsp;<\/p>\n<p><span style=\"color: #0000ff;\"><strong>SEXTO BIMESTRE\u00a0<\/strong><\/span><\/p>\n<p><strong>&#8211; Sustentabilidade na Administra\u00e7\u00e3o P\u00fablica<\/strong><br \/>\nNeste curso voc\u00ea aprender\u00e1 o que \u00e9 um Plano de Log\u00edstica Sustent\u00e1vel; conhecer\u00e1 a fundamenta\u00e7\u00e3o legal para a implanta\u00e7\u00e3o das Compras P\u00fablicas Sustent\u00e1veis no Brasil e, ao final do curso, os servidores ser\u00e3o capazes de implementar e disseminar boas pr\u00e1ticas de sustentabilidade nos \u00f3rg\u00e3os p\u00fablicos.<\/p>\n<p><a href=\"https:\/\/www.escolavirtual.gov.br\/curso\/254\">https:\/\/www.escolavirtual.gov.br\/curso\/254<\/a><\/p>\n","protected":false},"excerpt":{"rendered":"<p>EDUCA\u00c7\u00c3O PREVIDENCI\u00c1RIA &#8211; SEGURADOS &nbsp; Para os servidores p\u00fablicos da Prefeitura Municipal que desejam se [&hellip;]<\/p>\n","protected":false},"author":1,"featured_media":0,"parent":0,"menu_order":0,"comment_status":"closed","ping_status":"closed","template":"","meta":[],"_links":{"self":[{"href":"https:\/\/www.ippasso.com.br\/site\/wp-json\/wp\/v2\/pages\/1167"}],"collection":[{"href":"https:\/\/www.ippasso.com.br\/site\/wp-json\/wp\/v2\/pages"}],"about":[{"href":"https:\/\/www.ippasso.com.br\/site\/wp-json\/wp\/v2\/types\/page"}],"author":[{"embeddable":true,"href":"https:\/\/www.ippasso.com.br\/site\/wp-json\/wp\/v2\/users\/1"}],"replies":[{"embeddable":true,"href":"https:\/\/www.ippasso.com.br\/site\/wp-json\/wp\/v2\/comments?post=1167"}],"version-history":[{"count":13,"href":"https:\/\/www.ippasso.com.br\/site\/wp-json\/wp\/v2\/pages\/1167\/revisions"}],"predecessor-version":[{"id":2555,"href":"https:\/\/www.ippasso.com.br\/site\/wp-json\/wp\/v2\/pages\/1167\/revisions\/2555"}],"wp:attachment":[{"href":"https:\/\/www.ippasso.com.br\/site\/wp-json\/wp\/v2\/media?parent=1167"}],"curies":[{"name":"wp","href":"https:\/\/api.w.org\/{rel}","templated":true}]}}